{"id":28785,"date":"2023-09-28T12:31:49","date_gmt":"2023-09-28T10:31:49","guid":{"rendered":"https:\/\/www.devinanais.com\/?page_id=28785"},"modified":"2023-10-25T11:54:07","modified_gmt":"2023-10-25T09:54:07","slug":"identidad","status":"publish","type":"page","link":"https:\/\/www.devinanais.com\/es\/identidad\/","title":{"rendered":"Identidad"},"content":{"rendered":"<p>[et_pb_section fb_built=\u00bb1&#8243; _builder_version=\u00bb4.20.2&#8243; _module_preset=\u00bbdefault\u00bb global_colors_info=\u00bb{}\u00bb][et_pb_row column_structure=\u00bb1_2,1_2&#8243; _builder_version=\u00bb4.22.1&#8243; _module_preset=\u00bbdefault\u00bb custom_padding=\u00bb||25px||false|false\u00bb global_colors_info=\u00bb{}\u00bb][et_pb_column type=\u00bb1_2&#8243; _builder_version=\u00bb4.20.2&#8243; _module_preset=\u00bbdefault\u00bb global_colors_info=\u00bb{}\u00bb][et_pb_text _builder_version=\u00bb4.22.2&#8243; _module_preset=\u00bbdefault\u00bb header_font=\u00bb|||on|||||\u00bb header_font_size=\u00bb40px\u00bb global_colors_info=\u00bb{}\u00bb]<\/p>\n<h1>Identidad<\/h1>\n<p>[\/et_pb_text][\/et_pb_column][et_pb_column type=\u00bb1_2&#8243; _builder_version=\u00bb4.20.2&#8243; _module_preset=\u00bbdefault\u00bb global_colors_info=\u00bb{}\u00bb][et_pb_text _builder_version=\u00bb4.22.2&#8243; _module_preset=\u00bbdefault\u00bb text_font_size=\u00bb22px\u00bb header_font=\u00bb|||on|||||\u00bb header_font_size=\u00bb40px\u00bb global_colors_info=\u00bb{}\u00bb]<\/p>\n<p>DEVINA NAIS \/ <strong>\u201cel camino natural de la historia\u201d <\/strong><\/p>\n<p>[\/et_pb_text][\/et_pb_column][\/et_pb_row][et_pb_row column_structure=\u00bb1_2,1_2&#8243; _builder_version=\u00bb4.21.0&#8243; _module_preset=\u00bbdefault\u00bb global_colors_info=\u00bb{}\u00bb][et_pb_column type=\u00bb1_2&#8243; _builder_version=\u00bb4.21.0&#8243; _module_preset=\u00bbdefault\u00bb global_colors_info=\u00bb{}\u00bb][et_pb_image src=\u00bbhttps:\/\/www.devinanais.com\/wp-content\/uploads\/2023\/09\/IDENTITY-01.jpg\u00bb title_text=\u00bbIDENTITY 01&#8243; _builder_version=\u00bb4.22.1&#8243; _module_preset=\u00bbdefault\u00bb global_colors_info=\u00bb{}\u00bb][\/et_pb_image][\/et_pb_column][et_pb_column type=\u00bb1_2&#8243; _builder_version=\u00bb4.21.0&#8243; _module_preset=\u00bbdefault\u00bb global_colors_info=\u00bb{}\u00bb][et_pb_text _builder_version=\u00bb4.22.2&#8243; _module_preset=\u00bbdefault\u00bb global_colors_info=\u00bb{}\u00bb]<\/p>\n<p>Devina Nais dise\u00f1a y produce muebles y complementos de decoraci\u00f3n de dise\u00f1o, trabajando \u00fanicamente madera seleccionada, con pasi\u00f3n artesanal y total respeto por la materia prima y el medio ambiente, para crear conceptos interiores capaces de estimular la imaginaci\u00f3n, el bienestar y la positividad.<\/p>\n<p>[\/et_pb_text][\/et_pb_column][\/et_pb_row][et_pb_row _builder_version=\u00bb4.22.1&#8243; _module_preset=\u00bbdefault\u00bb global_colors_info=\u00bb{}\u00bb][et_pb_column type=\u00bb4_4&#8243; _builder_version=\u00bb4.22.1&#8243; _module_preset=\u00bbdefault\u00bb global_colors_info=\u00bb{}\u00bb][dipl_separator seprator_thickness=\u00bb2px\u00bb separator_color=\u00bb#111111&#8243; _builder_version=\u00bb4.22.1&#8243; _module_preset=\u00bbdefault\u00bb global_colors_info=\u00bb{}\u00bb][\/dipl_separator][\/et_pb_column][\/et_pb_row][et_pb_row column_structure=\u00bb1_2,1_2&#8243; _builder_version=\u00bb4.21.0&#8243; _module_preset=\u00bbdefault\u00bb custom_padding=\u00bb|0px||||\u00bb global_colors_info=\u00bb{}\u00bb][et_pb_column type=\u00bb1_2&#8243; _builder_version=\u00bb4.21.0&#8243; _module_preset=\u00bbdefault\u00bb global_colors_info=\u00bb{}\u00bb][et_pb_text _builder_version=\u00bb4.22.2&#8243; _module_preset=\u00bbdefault\u00bb header_3_font=\u00bb|||on|||||\u00bb header_3_text_align=\u00bbright\u00bb custom_margin=\u00bb||10px||false|false\u00bb global_colors_info=\u00bb{}\u00bb]<\/p>\n<h3>NUESTRA FILOSOF\u00cdA<\/h3>\n<p>[\/et_pb_text][et_pb_text _builder_version=\u00bb4.22.2&#8243; _module_preset=\u00bbdefault\u00bb custom_padding=\u00bb||59px|||\u00bb global_colors_info=\u00bb{}\u00bb]<\/p>\n<p style=\"text-align: right;\">Cada d\u00eda, en cada fase de nuestro proceso de dise\u00f1o y producci\u00f3n, centramos toda nuestra energ\u00eda y atenci\u00f3n en el objeto com\u00fan de nuestro trabajo: la belleza.<br \/>Ya sea un boceto en una hoja de papel o la textura de la madera en nuestras manos, examinamos y cuidamos cada peque\u00f1o detalle.<br \/>Cuando acariciamos los \u00e1rboles para elegirlos, cuando estudiamos la veta de la madera para entender c\u00f3mo trabajarla, cuando damos forma al material para crear algo nuevo.<br \/>Es el coraz\u00f3n el que gu\u00eda las manos y los ojos, en busca de esos detalles imperceptibles que marcan la diferencia.<br \/>Porque para nosotros el trabajo es pasi\u00f3n. Y trabajamos en equipo, todos persiguiendo el mismo objetivo: calidad absoluta.<\/p>\n<p>[\/et_pb_text][\/et_pb_column][et_pb_column type=\u00bb1_2&#8243; _builder_version=\u00bb4.21.0&#8243; _module_preset=\u00bbdefault\u00bb global_colors_info=\u00bb{}\u00bb][et_pb_image src=\u00bbhttps:\/\/www.devinanais.com\/wp-content\/uploads\/2023\/09\/IDENTITY-02.jpg\u00bb title_text=\u00bbIDENTITY 02&#8243; force_fullwidth=\u00bbon\u00bb _builder_version=\u00bb4.22.1&#8243; _module_preset=\u00bbdefault\u00bb custom_margin=\u00bb||||false|false\u00bb custom_padding=\u00bb||0px||false|false\u00bb global_colors_info=\u00bb{}\u00bb][\/et_pb_image][\/et_pb_column][\/et_pb_row][et_pb_row column_structure=\u00bb2_5,3_5&#8243; make_equal=\u00bbon\u00bb _builder_version=\u00bb4.22.1&#8243; _module_preset=\u00bbdefault\u00bb custom_padding=\u00bb||||false|false\u00bb global_colors_info=\u00bb{}\u00bb][et_pb_column type=\u00bb2_5&#8243; _builder_version=\u00bb4.22.1&#8243; _module_preset=\u00bbdefault\u00bb global_colors_info=\u00bb{}\u00bb][et_pb_image src=\u00bbhttps:\/\/www.devinanais.com\/wp-content\/uploads\/2023\/10\/devina_about_new.jpg\u00bb title_text=\u00bbdevina_about_new\u00bb _builder_version=\u00bb4.22.2&#8243; _module_preset=\u00bbdefault\u00bb hover_enabled=\u00bb0&#8243; global_colors_info=\u00bb{}\u00bb custom_margin=\u00bb||0px||false|false\u00bb sticky_enabled=\u00bb0&#8243;][\/et_pb_image][dipl_separator _builder_version=\u00bb4.22.2&#8243; _module_preset=\u00bbdefault\u00bb seprator_thickness=\u00bb1px\u00bb separator_color=\u00bb#FFFFFF\u00bb custom_margin=\u00bb-1px||-1px||true|false\u00bb custom_padding=\u00bb0px||0px||true|false\u00bb hover_enabled=\u00bb0&#8243; sticky_enabled=\u00bb0&#8243; locked=\u00bboff\u00bb][\/dipl_separator][\/et_pb_column][et_pb_column type=\u00bb3_5&#8243; _builder_version=\u00bb4.22.1&#8243; _module_preset=\u00bbdefault\u00bb custom_css_main_element=\u00bbdisplay:flex;||flex-direction: column;||justify-content: space-between;\u00bb global_colors_info=\u00bb{}\u00bb][et_pb_image src=\u00bbhttps:\/\/www.devinanais.com\/wp-content\/uploads\/2023\/09\/IDENTITY-03.jpg\u00bb title_text=\u00bbIDENTITY 03&#8243; _builder_version=\u00bb4.22.1&#8243; _module_preset=\u00bbdefault\u00bb max_width=\u00bb300px\u00bb max_width_tablet=\u00bb100%\u00bb max_width_phone=\u00bb100%\u00bb max_width_last_edited=\u00bbon|tablet\u00bb global_colors_info=\u00bb{}\u00bb][\/et_pb_image][et_pb_text _builder_version=\u00bb4.22.2&#8243; _module_preset=\u00bbdefault\u00bb max_width=\u00bb650px\u00bb custom_padding=\u00bb||||false|false\u00bb locked=\u00bboff\u00bb global_colors_info=\u00bb{}\u00bb]<\/p>\n<h3>NUESTRA HISTORIA<\/h3>\n<p>Devina Nais es un proyecto joven que se desarrolla a partir de ra\u00edces s\u00f3lidas: las de la tradici\u00f3n artesanal. Es gracias a este profundo conocimiento del hacer que podemos crecer con impulso evolucionando incesantemente nuestras propuestas.<\/p>\n<p>[\/et_pb_text][\/et_pb_column][\/et_pb_row][et_pb_row column_structure=\u00bb3_5,2_5&#8243; _builder_version=\u00bb4.22.1&#8243; _module_preset=\u00bbdefault\u00bb custom_margin=\u00bb20px||||false|false\u00bb global_colors_info=\u00bb{}\u00bb][et_pb_column type=\u00bb3_5&#8243; _builder_version=\u00bb4.22.1&#8243; _module_preset=\u00bbdefault\u00bb global_colors_info=\u00bb{}\u00bb][et_pb_text _builder_version=\u00bb4.22.2&#8243; _module_preset=\u00bbdefault\u00bb max_width=\u00bb650px\u00bb module_alignment=\u00bbright\u00bb custom_padding=\u00bb||||false|false\u00bb locked=\u00bboff\u00bb global_colors_info=\u00bb{}\u00bb]<\/p>\n<h3 style=\"text-align: right;\">MISI\u00d3N<\/h3>\n<p style=\"text-align: right;\">Nuestro objetivo es crear lugares donde sea f\u00e1cil so\u00f1ar, donde puedas expresar y reconocer tu estilo en cada rinc\u00f3n, donde puedas sentirte libre y orgulloso de ser t\u00fa mismo.<br \/>Devina Nais quiere imponer un nuevo estilo de mobiliario, celebrando el potencial moderno de la madera y dando un toque personal al concepto de \u00abmuebles de design\u00bb.<\/p>\n<p>[\/et_pb_text][\/et_pb_column][et_pb_column type=\u00bb2_5&#8243; _builder_version=\u00bb4.22.1&#8243; _module_preset=\u00bbdefault\u00bb global_colors_info=\u00bb{}\u00bb][et_pb_image src=\u00bbhttps:\/\/www.devinanais.com\/wp-content\/uploads\/2023\/09\/IDENTITY-05.jpg\u00bb title_text=\u00bbIDENTITY 05&#8243; force_fullwidth=\u00bbon\u00bb _builder_version=\u00bb4.22.1&#8243; _module_preset=\u00bbdefault\u00bb global_colors_info=\u00bb{}\u00bb][\/et_pb_image][\/et_pb_column][\/et_pb_row][et_pb_row column_structure=\u00bb2_5,3_5&#8243; make_equal=\u00bbon\u00bb _builder_version=\u00bb4.22.1&#8243; _module_preset=\u00bbdefault\u00bb custom_padding=\u00bb||||false|false\u00bb locked=\u00bboff\u00bb global_colors_info=\u00bb{}\u00bb][et_pb_column type=\u00bb2_5&#8243; _builder_version=\u00bb4.22.1&#8243; _module_preset=\u00bbdefault\u00bb global_colors_info=\u00bb{}\u00bb][et_pb_image src=\u00bbhttps:\/\/www.devinanais.com\/wp-content\/uploads\/2023\/09\/IDENTITY-06.jpg\u00bb title_text=\u00bbIDENTITY 06&#8243; _builder_version=\u00bb4.22.1&#8243; _module_preset=\u00bbdefault\u00bb global_colors_info=\u00bb{}\u00bb][\/et_pb_image][\/et_pb_column][et_pb_column type=\u00bb3_5&#8243; _builder_version=\u00bb4.22.1&#8243; _module_preset=\u00bbdefault\u00bb custom_css_main_element=\u00bbdisplay:flex;||flex-direction: column;||justify-content: space-between;\u00bb global_colors_info=\u00bb{}\u00bb][et_pb_image src=\u00bbhttps:\/\/www.devinanais.com\/wp-content\/uploads\/2023\/09\/IDENTITY-07.jpg\u00bb title_text=\u00bbIDENTITY 07&#8243; _builder_version=\u00bb4.22.1&#8243; _module_preset=\u00bbdefault\u00bb max_width=\u00bb300px\u00bb max_width_tablet=\u00bb100%\u00bb max_width_phone=\u00bb100%\u00bb max_width_last_edited=\u00bbon|tablet\u00bb global_colors_info=\u00bb{}\u00bb][\/et_pb_image][et_pb_text _builder_version=\u00bb4.22.2&#8243; _module_preset=\u00bbdefault\u00bb max_width=\u00bb650px\u00bb custom_padding=\u00bb||||false|false\u00bb locked=\u00bboff\u00bb global_colors_info=\u00bb{}\u00bb]<\/p>\n<h3>\u00abA\u00bb COMO EN AMBIENTE<br \/>\u00abF\u00bb COMO EN FORESTS<\/h3>\n<p>No hay belleza sin armon\u00eda.<br \/>Y la armon\u00eda s\u00f3lo existe si se respeta el equilibrio natural.<\/p>\n<p>[\/et_pb_text][\/et_pb_column][\/et_pb_row][et_pb_row column_structure=\u00bb3_5,2_5&#8243; _builder_version=\u00bb4.22.1&#8243; _module_preset=\u00bbdefault\u00bb custom_margin=\u00bb20px||||false|false\u00bb locked=\u00bboff\u00bb global_colors_info=\u00bb{}\u00bb][et_pb_column type=\u00bb3_5&#8243; _builder_version=\u00bb4.22.1&#8243; _module_preset=\u00bbdefault\u00bb global_colors_info=\u00bb{}\u00bb][et_pb_text _builder_version=\u00bb4.22.2&#8243; _module_preset=\u00bbdefault\u00bb max_width=\u00bb650px\u00bb module_alignment=\u00bbright\u00bb custom_padding=\u00bb||||false|false\u00bb locked=\u00bboff\u00bb global_colors_info=\u00bb{}\u00bb]<\/p>\n<h3 style=\"text-align: right;\">RESPETO Y RESPONSABILIDAD<\/h3>\n<p style=\"text-align: right;\">Somos profundamente conscientes del valor vital de los recursos naturales del planeta.<br \/>Por eso abordamos nuestra materia prima, la madera, con respeto y sentido de responsabilidad: no utilizamos esencias ex\u00f3ticas procedentes de ecosistemas amenazados.<br \/>S\u00f3lo utilizamos madera obtenida de bosques gestionados responsablemente, en los que la biodiversidad y el ciclo de vida de las plantas est\u00e1n garantizados mediante una reforestaci\u00f3n controlada.<\/p>\n<p>[\/et_pb_text][\/et_pb_column][et_pb_column type=\u00bb2_5&#8243; _builder_version=\u00bb4.22.1&#8243; _module_preset=\u00bbdefault\u00bb global_colors_info=\u00bb{}\u00bb][et_pb_image src=\u00bbhttps:\/\/www.devinanais.com\/wp-content\/uploads\/2023\/09\/IDENTITY-08.jpg\u00bb title_text=\u00bbIDENTITY 08&#8243; force_fullwidth=\u00bbon\u00bb _builder_version=\u00bb4.22.1&#8243; _module_preset=\u00bbdefault\u00bb global_colors_info=\u00bb{}\u00bb][\/et_pb_image][\/et_pb_column][\/et_pb_row][et_pb_row column_structure=\u00bb2_5,3_5&#8243; make_equal=\u00bbon\u00bb _builder_version=\u00bb4.22.1&#8243; _module_preset=\u00bbdefault\u00bb custom_padding=\u00bb||||false|false\u00bb locked=\u00bboff\u00bb global_colors_info=\u00bb{}\u00bb][et_pb_column type=\u00bb2_5&#8243; _builder_version=\u00bb4.22.1&#8243; _module_preset=\u00bbdefault\u00bb global_colors_info=\u00bb{}\u00bb][et_pb_image src=\u00bbhttps:\/\/www.devinanais.com\/wp-content\/uploads\/2023\/09\/IDENTITY-13.jpg\u00bb title_text=\u00bbIDENTITY 13&#8243; _builder_version=\u00bb4.22.1&#8243; _module_preset=\u00bbdefault\u00bb global_colors_info=\u00bb{}\u00bb][\/et_pb_image][\/et_pb_column][et_pb_column type=\u00bb3_5&#8243; _builder_version=\u00bb4.22.1&#8243; _module_preset=\u00bbdefault\u00bb custom_css_main_element=\u00bbdisplay:flex;||flex-direction: column;||justify-content: space-between;\u00bb global_colors_info=\u00bb{}\u00bb][et_pb_image src=\u00bbhttps:\/\/www.devinanais.com\/wp-content\/uploads\/2023\/09\/IDENTITY-09.jpg\u00bb title_text=\u00bbIDENTITY 09&#8243; _builder_version=\u00bb4.22.1&#8243; _module_preset=\u00bbdefault\u00bb max_width=\u00bb300px\u00bb max_width_tablet=\u00bb100%\u00bb max_width_phone=\u00bb100%\u00bb max_width_last_edited=\u00bbon|tablet\u00bb global_colors_info=\u00bb{}\u00bb][\/et_pb_image][et_pb_text _builder_version=\u00bb4.22.2&#8243; _module_preset=\u00bbdefault\u00bb max_width=\u00bb650px\u00bb custom_padding=\u00bb||||false|false\u00bb locked=\u00bboff\u00bb global_colors_info=\u00bb{}\u00bb]<\/p>\n<h3>NUESTRA VISI\u00d3N<\/h3>\n<p>Creemos que los entornos en los que vivimos son \u00abnuestros\u00bb, lugares en los que dar cabida a la belleza, la armon\u00eda y la inspiraci\u00f3n. Creemos que ser exclusivo significa ser original, selectivo, reconocible&#8230; no excluyente. Por eso dise\u00f1amos y producimos objetos que resuenan con emociones y experiencias contempor\u00e1neas, capaces de adaptarse, como un vestido de alta costura, a las necesidades de la persona a la que est\u00e1n destinados.<br \/>Por eso seguimos estudiando y dise\u00f1ando nuevas soluciones de decoraci\u00f3n cada vez m\u00e1s ecol\u00f3gicamente sostenibles, respetuosas con la salud humana y el medio ambiente.<br \/>Pero tambi\u00e9n accesible. Porque el mueble no est\u00e1 en el centro de nuestra visi\u00f3n: hay quien lo elige.<br \/>Per questo continuiamo a studiare e progettare nuove soluzioni di arredo che siano sempre pi\u00f9 ecologicamente sostenibili, rispettose della salute dell\u2019uomo e dell\u2019ambiente. Ma anche accessibili. Perch\u00e9 al centro della nostra visione non c\u2019\u00e8 il mobile: c\u2019\u00e8 chi lo sceglie.<\/p>\n<p>[\/et_pb_text][\/et_pb_column][\/et_pb_row][et_pb_row column_structure=\u00bb3_5,2_5&#8243; _builder_version=\u00bb4.22.1&#8243; _module_preset=\u00bbdefault\u00bb custom_margin=\u00bb20px||||false|false\u00bb locked=\u00bboff\u00bb global_colors_info=\u00bb{}\u00bb][et_pb_column type=\u00bb3_5&#8243; _builder_version=\u00bb4.22.1&#8243; _module_preset=\u00bbdefault\u00bb global_colors_info=\u00bb{}\u00bb][et_pb_text _builder_version=\u00bb4.22.2&#8243; _module_preset=\u00bbdefault\u00bb max_width=\u00bb650px\u00bb module_alignment=\u00bbright\u00bb custom_padding=\u00bb||||false|false\u00bb locked=\u00bboff\u00bb global_colors_info=\u00bb{}\u00bb]<\/p>\n<h3 style=\"text-align: right;\">PRODUCCI\u00d3N<\/h3>\n<p style=\"text-align: right;\">Creemos que un mueble es un compa\u00f1ero de vida.<br \/>No es un objeto pasivo para usar, no un testigo silencioso de nuestra existencia&#8230; sino un instrumento para traer belleza a nuestros espacios, un aliado para expresar nuestra personalidad, un recuerdo para guardar y confiar a la pr\u00f3xima generaci\u00f3n.<br \/>Por eso seguimos cada una de nuestras piezas, desde el dise\u00f1o hasta el acabado, desde el embalaje hasta el env\u00edo.<\/p>\n<p>[\/et_pb_text][\/et_pb_column][et_pb_column type=\u00bb2_5&#8243; _builder_version=\u00bb4.22.1&#8243; _module_preset=\u00bbdefault\u00bb global_colors_info=\u00bb{}\u00bb][et_pb_image src=\u00bbhttps:\/\/www.devinanais.com\/wp-content\/uploads\/2023\/10\/devina-identity-worker-newlogo.jpg\u00bb title_text=\u00bbdevina-identity-worker-newlogo\u00bb force_fullwidth=\u00bbon\u00bb _builder_version=\u00bb4.22.2&#8243; _module_preset=\u00bbdefault\u00bb global_colors_info=\u00bb{}\u00bb][\/et_pb_image][\/et_pb_column][\/et_pb_row][et_pb_row column_structure=\u00bb2_5,3_5&#8243; make_equal=\u00bbon\u00bb _builder_version=\u00bb4.22.1&#8243; _module_preset=\u00bbdefault\u00bb custom_padding=\u00bb||||false|false\u00bb locked=\u00bboff\u00bb global_colors_info=\u00bb{}\u00bb][et_pb_column type=\u00bb2_5&#8243; _builder_version=\u00bb4.22.1&#8243; _module_preset=\u00bbdefault\u00bb global_colors_info=\u00bb{}\u00bb][et_pb_image src=\u00bbhttps:\/\/www.devinanais.com\/wp-content\/uploads\/2023\/09\/IDENTITY-12.jpg\u00bb title_text=\u00bbIDENTITY 12&#8243; _builder_version=\u00bb4.22.1&#8243; _module_preset=\u00bbdefault\u00bb global_colors_info=\u00bb{}\u00bb][\/et_pb_image][\/et_pb_column][et_pb_column type=\u00bb3_5&#8243; _builder_version=\u00bb4.22.1&#8243; _module_preset=\u00bbdefault\u00bb custom_css_main_element=\u00bbdisplay:flex;||flex-direction: column;||justify-content: space-between;\u00bb global_colors_info=\u00bb{}\u00bb][et_pb_image src=\u00bbhttps:\/\/www.devinanais.com\/wp-content\/uploads\/2023\/09\/IDENTITY-10.jpg\u00bb title_text=\u00bbIDENTITY 10&#8243; _builder_version=\u00bb4.22.1&#8243; _module_preset=\u00bbdefault\u00bb max_width=\u00bb300px\u00bb max_width_tablet=\u00bb100%\u00bb max_width_phone=\u00bb100%\u00bb max_width_last_edited=\u00bbon|tablet\u00bb global_colors_info=\u00bb{}\u00bb][\/et_pb_image][et_pb_text _builder_version=\u00bb4.22.2&#8243; _module_preset=\u00bbdefault\u00bb max_width=\u00bb650px\u00bb custom_padding=\u00bb||||false|false\u00bb locked=\u00bboff\u00bb global_colors_info=\u00bb{}\u00bb]<\/p>\n<h3>3500 M<sup style=\"font-size: 18px;\">2<\/sup> DE ALMAC\u00c9N DE MERCANC\u00cdAS<\/h3>\n<p>Para nosotros, la personalizaci\u00f3n y la flexibilidad son condiciones imprescindibles: en nuestro almac\u00e9n tenemos 3.500 metros c\u00fabicos de material siempre listos para responder con rapidez y eficacia a las solicitudes de los clientes.<br \/>Seleccionamos, catalogamos y gestionamos con precisi\u00f3n la madera m\u00e1s adecuada para soportar la producci\u00f3n de grandes pedidos urgentes y modelos continuos.<\/p>\n<p>[\/et_pb_text][\/et_pb_column][\/et_pb_row][et_pb_row column_structure=\u00bb3_5,2_5&#8243; _builder_version=\u00bb4.22.1&#8243; _module_preset=\u00bbdefault\u00bb custom_margin=\u00bb20px||||false|false\u00bb locked=\u00bboff\u00bb global_colors_info=\u00bb{}\u00bb][et_pb_column type=\u00bb3_5&#8243; _builder_version=\u00bb4.22.1&#8243; _module_preset=\u00bbdefault\u00bb global_colors_info=\u00bb{}\u00bb][et_pb_text _builder_version=\u00bb4.22.2&#8243; _module_preset=\u00bbdefault\u00bb max_width=\u00bb650px\u00bb module_alignment=\u00bbright\u00bb custom_padding=\u00bb||||false|false\u00bb locked=\u00bboff\u00bb global_colors_info=\u00bb{}\u00bb]<\/p>\n<h3 style=\"text-align: right;\">ARTESAN\u00cdA ITALIANA<br \/>VISI\u00d3N INTERNACIONAL<\/h3>\n<p style=\"text-align: right;\">La mejor madera, sabiamente seleccionada y conservada, es el punto de partida: la materia prima que permite a nuestros carpinteros expresar mejor sus habilidades.<br \/>No son puros ejecutores del proyecto de un dise\u00f1ador: sino profesionales cualificados, son los \u00fanicos capaces de transmitir a cada mueble el sabor inconfundible de un objeto artesanal.<br \/>S\u00f3lo as\u00ed, combinando el dise\u00f1o moderno y la habilidad artesanal, podemos crear objetos valiosos con un estilo distintivo.<\/p>\n<p>[\/et_pb_text][\/et_pb_column][et_pb_column type=\u00bb2_5&#8243; _builder_version=\u00bb4.22.1&#8243; _module_preset=\u00bbdefault\u00bb global_colors_info=\u00bb{}\u00bb][et_pb_image src=\u00bbhttps:\/\/www.devinanais.com\/wp-content\/uploads\/2023\/09\/IDENTITY-15.jpg\u00bb title_text=\u00bbIDENTITY 15&#8243; force_fullwidth=\u00bbon\u00bb _builder_version=\u00bb4.22.1&#8243; _module_preset=\u00bbdefault\u00bb global_colors_info=\u00bb{}\u00bb][\/et_pb_image][\/et_pb_column][\/et_pb_row][et_pb_row column_structure=\u00bb2_5,3_5&#8243; make_equal=\u00bbon\u00bb _builder_version=\u00bb4.22.1&#8243; _module_preset=\u00bbdefault\u00bb custom_padding=\u00bb||||false|false\u00bb locked=\u00bboff\u00bb global_colors_info=\u00bb{}\u00bb][et_pb_column type=\u00bb2_5&#8243; _builder_version=\u00bb4.22.1&#8243; _module_preset=\u00bbdefault\u00bb global_colors_info=\u00bb{}\u00bb][et_pb_image src=\u00bbhttps:\/\/www.devinanais.com\/wp-content\/uploads\/2023\/09\/IDENTITY-11.jpg\u00bb title_text=\u00bbIDENTITY 11&#8243; _builder_version=\u00bb4.22.1&#8243; _module_preset=\u00bbdefault\u00bb global_colors_info=\u00bb{}\u00bb][\/et_pb_image][\/et_pb_column][et_pb_column type=\u00bb3_5&#8243; _builder_version=\u00bb4.22.1&#8243; _module_preset=\u00bbdefault\u00bb custom_css_main_element=\u00bbdisplay:flex;||flex-direction: column;||justify-content: space-between;\u00bb global_colors_info=\u00bb{}\u00bb][et_pb_image src=\u00bbhttps:\/\/www.devinanais.com\/wp-content\/uploads\/2023\/09\/IDENTITY-14.jpg\u00bb title_text=\u00bbIDENTITY 14&#8243; _builder_version=\u00bb4.22.1&#8243; _module_preset=\u00bbdefault\u00bb max_width=\u00bb300px\u00bb max_width_tablet=\u00bb100%\u00bb max_width_phone=\u00bb100%\u00bb max_width_last_edited=\u00bbon|tablet\u00bb global_colors_info=\u00bb{}\u00bb][\/et_pb_image][et_pb_text _builder_version=\u00bb4.22.2&#8243; _module_preset=\u00bbdefault\u00bb max_width=\u00bb650px\u00bb custom_padding=\u00bb||||false|false\u00bb header_3_font_size_tablet=\u00bb\u00bb header_3_font_size_phone=\u00bb30px\u00bb header_3_font_size_last_edited=\u00bbon|phone\u00bb locked=\u00bboff\u00bb global_colors_info=\u00bb{}\u00bb]<\/p>\n<h3>PERSONALIZACI\u00d3N<\/h3>\n<p>Las colecciones de Devina Nais no son r\u00e9plicas perfectas de un \u00fanico dise\u00f1o.<br \/>Hay muchas ejecuciones diferentes de un concepto: expresiones irrepetibles de la habilidad artesanal y la naturalidad de la madera. Cada una \u00fanica e inimitable.<br \/>Este hecho se valora y desarrolla al m\u00e1ximo: desde el principio Devina Nais ha optado por invertir en la personalizaci\u00f3n de los productos.<br \/>Gracias a una visi\u00f3n libre y previsora en la fase de dise\u00f1o, y a unos m\u00e9todos (y una mentalidad) de producci\u00f3n muy flexibles, somos capaces de crear piezas \u00fanicas, incluso a medida.<\/p>\n<p>[\/et_pb_text][\/et_pb_column][\/et_pb_row][\/et_pb_section]<\/p>\n","protected":false},"excerpt":{"rendered":"<p>IdentidadDEVINA NAIS \/ \u201cel camino natural de la historia\u201d Devina Nais dise\u00f1a y produce muebles y complementos de decoraci\u00f3n de dise\u00f1o, trabajando \u00fanicamente madera seleccionada, con pasi\u00f3n artesanal y total respeto por la materia prima y el medio ambiente, para crear conceptos interiores capaces de estimular la imaginaci\u00f3n, el bienestar y la positividad.<div class=\"et_pb_module dipl_separator dipl_separator_0\">\n\t\t\t\t\n\t\t\t\t\n\t\t\t\t\n\t\t\t\t\n\t\t\t\t\n\t\t\t\t\n\t\t\t\t<div class=\"et_pb_module_inner\">\n\t\t\t\t\t<div class=\"dipl_separator_container align_none\">\n\t\t\t\t\t\t\t\t\t<div class=\"dipl_line dipl_line_before\"><\/div>\n\t\t\t\t\t\t\t\t\t\t\n\t\t\t\t\t\t\t\t\t\t\n\t\t\t\t\t\t\t\t\t\t\n\t\t\t\t\t\t\t\t\t<div class=\"dipl_line dipl_line_after\"><\/div>\n\t\t\t\t\t\t\t\t<\/div>\n\t\t\t\t<\/div>\n\t\t\t<\/div><\/p>\n","protected":false},"author":159,"featured_media":0,"parent":0,"menu_order":0,"comment_status":"closed","ping_status":"closed","template":"","meta":{"_et_pb_use_builder":"on","_et_pb_old_content":"","_et_gb_content_width":"","footnotes":""},"class_list":["post-28785","page","type-page","status-publish","hentry"],"acf":[],"yoast_head":"<!-- This site is optimized with the Yoast SEO plugin v26.2 - https:\/\/yoast.com\/wordpress\/plugins\/seo\/ -->\n<title>Identidad - DevinaNais<\/title>\n<meta name=\"robots\" content=\"index, follow, max-snippet:-1, max-image-preview:large, max-video-preview:-1\" \/>\n<link rel=\"canonical\" href=\"https:\/\/www.devinanais.com\/es\/identidad\/\" \/>\n<meta property=\"og:locale\" content=\"es_ES\" \/>\n<meta property=\"og:type\" content=\"article\" \/>\n<meta property=\"og:title\" content=\"Identidad - DevinaNais\" \/>\n<meta property=\"og:description\" content=\"IdentidadDEVINA NAIS \/ \u201cel camino natural de la historia\u201d Devina Nais dise\u00f1a y produce muebles y complementos de decoraci\u00f3n de dise\u00f1o, trabajando \u00fanicamente madera seleccionada, con pasi\u00f3n artesanal y total respeto por la materia prima y el medio ambiente, para crear conceptos interiores capaces de estimular la imaginaci\u00f3n, el bienestar y la positividad.\" \/>\n<meta property=\"og:url\" content=\"https:\/\/www.devinanais.com\/es\/identidad\/\" \/>\n<meta property=\"og:site_name\" content=\"DevinaNais\" \/>\n<meta property=\"article:modified_time\" content=\"2023-10-25T09:54:07+00:00\" \/>\n<meta name=\"twitter:card\" content=\"summary_large_image\" \/>\n<meta name=\"twitter:label1\" content=\"Tiempo de lectura\" \/>\n\t<meta name=\"twitter:data1\" content=\"7 minutos\" \/>\n<script type=\"application\/ld+json\" class=\"yoast-schema-graph\">{\"@context\":\"https:\/\/schema.org\",\"@graph\":[{\"@type\":\"WebPage\",\"@id\":\"https:\/\/www.devinanais.com\/es\/identidad\/\",\"url\":\"https:\/\/www.devinanais.com\/es\/identidad\/\",\"name\":\"Identidad - DevinaNais\",\"isPartOf\":{\"@id\":\"https:\/\/www.devinanais.com\/#website\"},\"datePublished\":\"2023-09-28T10:31:49+00:00\",\"dateModified\":\"2023-10-25T09:54:07+00:00\",\"breadcrumb\":{\"@id\":\"https:\/\/www.devinanais.com\/es\/identidad\/#breadcrumb\"},\"inLanguage\":\"es\",\"potentialAction\":[{\"@type\":\"ReadAction\",\"target\":[\"https:\/\/www.devinanais.com\/es\/identidad\/\"]}]},{\"@type\":\"BreadcrumbList\",\"@id\":\"https:\/\/www.devinanais.com\/es\/identidad\/#breadcrumb\",\"itemListElement\":[{\"@type\":\"ListItem\",\"position\":1,\"name\":\"Home\",\"item\":\"https:\/\/www.devinanais.com\/es\/\"},{\"@type\":\"ListItem\",\"position\":2,\"name\":\"Identidad\"}]},{\"@type\":\"WebSite\",\"@id\":\"https:\/\/www.devinanais.com\/#website\",\"url\":\"https:\/\/www.devinanais.com\/\",\"name\":\"DevinaNais\",\"description\":\"\",\"potentialAction\":[{\"@type\":\"SearchAction\",\"target\":{\"@type\":\"EntryPoint\",\"urlTemplate\":\"https:\/\/www.devinanais.com\/?s={search_term_string}\"},\"query-input\":{\"@type\":\"PropertyValueSpecification\",\"valueRequired\":true,\"valueName\":\"search_term_string\"}}],\"inLanguage\":\"es\"}]}<\/script>\n<!-- \/ Yoast SEO plugin. -->","yoast_head_json":{"title":"Identidad - DevinaNais","robots":{"index":"index","follow":"follow","max-snippet":"max-snippet:-1","max-image-preview":"max-image-preview:large","max-video-preview":"max-video-preview:-1"},"canonical":"https:\/\/www.devinanais.com\/es\/identidad\/","og_locale":"es_ES","og_type":"article","og_title":"Identidad - DevinaNais","og_description":"IdentidadDEVINA NAIS \/ \u201cel camino natural de la historia\u201d Devina Nais dise\u00f1a y produce muebles y complementos de decoraci\u00f3n de dise\u00f1o, trabajando \u00fanicamente madera seleccionada, con pasi\u00f3n artesanal y total respeto por la materia prima y el medio ambiente, para crear conceptos interiores capaces de estimular la imaginaci\u00f3n, el bienestar y la positividad.","og_url":"https:\/\/www.devinanais.com\/es\/identidad\/","og_site_name":"DevinaNais","article_modified_time":"2023-10-25T09:54:07+00:00","twitter_card":"summary_large_image","twitter_misc":{"Tiempo de lectura":"7 minutos"},"schema":{"@context":"https:\/\/schema.org","@graph":[{"@type":"WebPage","@id":"https:\/\/www.devinanais.com\/es\/identidad\/","url":"https:\/\/www.devinanais.com\/es\/identidad\/","name":"Identidad - DevinaNais","isPartOf":{"@id":"https:\/\/www.devinanais.com\/#website"},"datePublished":"2023-09-28T10:31:49+00:00","dateModified":"2023-10-25T09:54:07+00:00","breadcrumb":{"@id":"https:\/\/www.devinanais.com\/es\/identidad\/#breadcrumb"},"inLanguage":"es","potentialAction":[{"@type":"ReadAction","target":["https:\/\/www.devinanais.com\/es\/identidad\/"]}]},{"@type":"BreadcrumbList","@id":"https:\/\/www.devinanais.com\/es\/identidad\/#breadcrumb","itemListElement":[{"@type":"ListItem","position":1,"name":"Home","item":"https:\/\/www.devinanais.com\/es\/"},{"@type":"ListItem","position":2,"name":"Identidad"}]},{"@type":"WebSite","@id":"https:\/\/www.devinanais.com\/#website","url":"https:\/\/www.devinanais.com\/","name":"DevinaNais","description":"","potentialAction":[{"@type":"SearchAction","target":{"@type":"EntryPoint","urlTemplate":"https:\/\/www.devinanais.com\/?s={search_term_string}"},"query-input":{"@type":"PropertyValueSpecification","valueRequired":true,"valueName":"search_term_string"}}],"inLanguage":"es"}]}},"_links":{"self":[{"href":"https:\/\/www.devinanais.com\/es\/wp-json\/wp\/v2\/pages\/28785","targetHints":{"allow":["GET"]}}],"collection":[{"href":"https:\/\/www.devinanais.com\/es\/wp-json\/wp\/v2\/pages"}],"about":[{"href":"https:\/\/www.devinanais.com\/es\/wp-json\/wp\/v2\/types\/page"}],"author":[{"embeddable":true,"href":"https:\/\/www.devinanais.com\/es\/wp-json\/wp\/v2\/users\/159"}],"replies":[{"embeddable":true,"href":"https:\/\/www.devinanais.com\/es\/wp-json\/wp\/v2\/comments?post=28785"}],"version-history":[{"count":8,"href":"https:\/\/www.devinanais.com\/es\/wp-json\/wp\/v2\/pages\/28785\/revisions"}],"predecessor-version":[{"id":31427,"href":"https:\/\/www.devinanais.com\/es\/wp-json\/wp\/v2\/pages\/28785\/revisions\/31427"}],"wp:attachment":[{"href":"https:\/\/www.devinanais.com\/es\/wp-json\/wp\/v2\/media?parent=28785"}],"curies":[{"name":"wp","href":"https:\/\/api.w.org\/{rel}","templated":true}]}}